{"version":"1.0","provider_name":"Les Ath\u00e9n\u00e9ennes 2021 \u2013 du 3 au 11 juin \u2013 10e festival de musique classique, jazz et cr\u00e9ations","provider_url":"https:\/\/www.lesatheneennes.ch\/archive\/2021","author_name":"Pierre Schilling","author_url":"https:\/\/www.lesatheneennes.ch\/archive\/2021\/author\/adminessai2017\/","title":"LUDOVIT KOVAC & THALASSA - Les Ath\u00e9n\u00e9ennes 2021 \u2013 du 3 au 11 juin \u2013 10e festival de musique classique, jazz et cr\u00e9ations","type":"rich","width":600,"height":338,"html":"<blockquote class=\"wp-embedded-content\" data-secret=\"HjqX1FA744\"><a href=\"https:\/\/www.lesatheneennes.ch\/archive\/2021\/artistes2021\/ludovit-kovac-thalassa\/\">LUDOVIT KOVAC &#038; THALASSA<\/a><\/blockquote><iframe sandbox=\"allow-scripts\" security=\"restricted\" src=\"https:\/\/www.lesatheneennes.ch\/archive\/2021\/artistes2021\/ludovit-kovac-thalassa\/embed\/#?secret=HjqX1FA744\" width=\"600\" height=\"338\" title=\"\u00ab\u00a0LUDOVIT KOVAC &#038; THALASSA\u00a0\u00bb &#8212; Les Ath\u00e9n\u00e9ennes 2021 \u2013 du 3 au 11 juin \u2013 10e festival de musique classique, jazz et cr\u00e9ations\" data-secret=\"HjqX1FA744\" frameborder=\"0\" marginwidth=\"0\" marginheight=\"0\" scrolling=\"no\" class=\"wp-embedded-content\"><\/iframe><script type=\"text\/javascript\">\n\/*! This file is auto-generated *\/\n!function(d,l){\"use strict\";var e=!1,o=!1;if(l.querySelector)if(d.addEventListener)e=!0;if(d.wp=d.wp||{},!d.wp.receiveEmbedMessage)if(d.wp.receiveEmbedMessage=function(e){var t=e.data;if(t)if(t.secret||t.message||t.value)if(!\/[^a-zA-Z0-9]\/.test(t.secret)){for(var r,a,i,s=l.querySelectorAll('iframe[data-secret=\"'+t.secret+'\"]'),n=l.querySelectorAll('blockquote[data-secret=\"'+t.secret+'\"]'),o=new RegExp(\"^https?:$\",\"i\"),c=0;c<n.length;c++)n[c].style.display=\"none\";for(c=0;c<s.length;c++)if(r=s[c],e.source===r.contentWindow){if(r.removeAttribute(\"style\"),\"height\"===t.message){if(1e3<(i=parseInt(t.value,10)))i=1e3;else if(~~i<200)i=200;r.height=i}if(\"link\"===t.message)if(a=l.createElement(\"a\"),i=l.createElement(\"a\"),a.href=r.getAttribute(\"src\"),i.href=t.value,o.test(i.protocol))if(i.host===a.host)if(l.activeElement===r)d.top.location.href=t.value}}},e)d.addEventListener(\"message\",d.wp.receiveEmbedMessage,!1),l.addEventListener(\"DOMContentLoaded\",t,!1),d.addEventListener(\"load\",t,!1);function t(){if(!o){o=!0;for(var e,t,r,a=-1!==navigator.appVersion.indexOf(\"MSIE 10\"),i=!!navigator.userAgent.match(\/Trident.*rv:11\\.\/),s=l.querySelectorAll(\"iframe.wp-embedded-content\"),n=0;n<s.length;n++){if(!(r=(t=s[n]).getAttribute(\"data-secret\")))r=Math.random().toString(36).substr(2,10),t.src+=\"#?secret=\"+r,t.setAttribute(\"data-secret\",r);if(a||i)(e=t.cloneNode(!0)).removeAttribute(\"security\"),t.parentNode.replaceChild(e,t);t.contentWindow.postMessage({message:\"ready\",secret:r},\"*\")}}}}(window,document);\n<\/script>\n","description":"\u00ab\u00a0Il Faut bien comprendre que dans les Balkans, tout proc\u00e8de des anciens empires\u00a0\u00bb d\u00e9clarait Emir Kusturica en 1995.\u00a0\u00c9voquer les balkans, c\u2019est renvoyer \u00e0 cette p\u00e9ninsule o\u00f9 l\u2019Europe se confond avec l\u2019Asie, comme le ciel et la mer \u00e0 l\u2019horizon\u2026 Si le terme Balkans reste li\u00e9 \u00e0 de profonds conflits malheureusement raviv\u00e9s ces derni\u00e8res d\u00e9cennies, il &hellip; Continuer la lecture de &laquo;&nbsp;&nbsp;&raquo;"}