{"version":"1.0","provider_name":"Les Ath\u00e9n\u00e9ennes 2021 \u2013 du 3 au 11 juin \u2013 10e festival de musique classique, jazz et cr\u00e9ations","provider_url":"https:\/\/www.lesatheneennes.ch\/archive\/2021","author_name":"Pierre Schilling","author_url":"https:\/\/www.lesatheneennes.ch\/archive\/2021\/author\/adminessai2017\/","title":"QUATUOR ZA\u00cfDE - Les Ath\u00e9n\u00e9ennes 2021 \u2013 du 3 au 11 juin \u2013 10e festival de musique classique, jazz et cr\u00e9ations","type":"rich","width":600,"height":338,"html":"<blockquote class=\"wp-embedded-content\" data-secret=\"I9ALQcJTHa\"><a href=\"https:\/\/www.lesatheneennes.ch\/archive\/2021\/artistes2021\/quatuor-zaide\/\">QUATUOR ZA\u00cfDE<\/a><\/blockquote><iframe sandbox=\"allow-scripts\" security=\"restricted\" src=\"https:\/\/www.lesatheneennes.ch\/archive\/2021\/artistes2021\/quatuor-zaide\/embed\/#?secret=I9ALQcJTHa\" width=\"600\" height=\"338\" title=\"\u00ab\u00a0QUATUOR ZA\u00cfDE\u00a0\u00bb &#8212; Les Ath\u00e9n\u00e9ennes 2021 \u2013 du 3 au 11 juin \u2013 10e festival de musique classique, jazz et cr\u00e9ations\" data-secret=\"I9ALQcJTHa\" frameborder=\"0\" marginwidth=\"0\" marginheight=\"0\" scrolling=\"no\" class=\"wp-embedded-content\"><\/iframe><script type=\"text\/javascript\">\n\/*! This file is auto-generated *\/\n!function(d,l){\"use strict\";var e=!1,o=!1;if(l.querySelector)if(d.addEventListener)e=!0;if(d.wp=d.wp||{},!d.wp.receiveEmbedMessage)if(d.wp.receiveEmbedMessage=function(e){var t=e.data;if(t)if(t.secret||t.message||t.value)if(!\/[^a-zA-Z0-9]\/.test(t.secret)){for(var r,a,i,s=l.querySelectorAll('iframe[data-secret=\"'+t.secret+'\"]'),n=l.querySelectorAll('blockquote[data-secret=\"'+t.secret+'\"]'),o=new RegExp(\"^https?:$\",\"i\"),c=0;c<n.length;c++)n[c].style.display=\"none\";for(c=0;c<s.length;c++)if(r=s[c],e.source===r.contentWindow){if(r.removeAttribute(\"style\"),\"height\"===t.message){if(1e3<(i=parseInt(t.value,10)))i=1e3;else if(~~i<200)i=200;r.height=i}if(\"link\"===t.message)if(a=l.createElement(\"a\"),i=l.createElement(\"a\"),a.href=r.getAttribute(\"src\"),i.href=t.value,o.test(i.protocol))if(i.host===a.host)if(l.activeElement===r)d.top.location.href=t.value}}},e)d.addEventListener(\"message\",d.wp.receiveEmbedMessage,!1),l.addEventListener(\"DOMContentLoaded\",t,!1),d.addEventListener(\"load\",t,!1);function t(){if(!o){o=!0;for(var e,t,r,a=-1!==navigator.appVersion.indexOf(\"MSIE 10\"),i=!!navigator.userAgent.match(\/Trident.*rv:11\\.\/),s=l.querySelectorAll(\"iframe.wp-embedded-content\"),n=0;n<s.length;n++){if(!(r=(t=s[n]).getAttribute(\"data-secret\")))r=Math.random().toString(36).substr(2,10),t.src+=\"#?secret=\"+r,t.setAttribute(\"data-secret\",r);if(a||i)(e=t.cloneNode(!0)).removeAttribute(\"security\"),t.parentNode.replaceChild(e,t);t.contentWindow.postMessage({message:\"ready\",secret:r},\"*\")}}}}(window,document);\n<\/script>\n","description":"Cr\u00e9\u00e9 en 2009 \u00e0 Paris, le quatuor joue au Wigmore Hall de Londres, \u00e0 la Tonhalle de Z\u00fcrich, aux philharmonies de Berlin, Cologne, Essen, Dortmund, D\u00fcsseldorf, Paris et Luxembourg, au Bozar de Bruxelles, aux Concertgebouw d\u2019Amsterdam, de Bruges et de Gent, au Th\u00e9\u00e2tre des Champs Elys\u00e9es, au Th\u00e9\u00e2tre de la Ville, aux Bouffes du Nord, &hellip; Continuer la lecture de &laquo;&nbsp;&nbsp;&raquo;"}